{"id":19960,"date":"2025-05-17T16:42:47","date_gmt":"2025-05-17T13:42:47","guid":{"rendered":"https:\/\/www.pasteur.mg\/?page_id=19960"},"modified":"2025-06-04T17:40:38","modified_gmt":"2025-06-04T14:40:38","slug":"activites-de-reference-et-dexpertise","status":"publish","type":"page","link":"https:\/\/www.pasteur.mg\/en\/activites-de-reference-et-dexpertise\/","title":{"rendered":"Activit\u00e9s de r\u00e9f\u00e9rence et d&rsquo;expertise"},"content":{"rendered":"<p>[et_pb_section fb_built=\u00a0\u00bb1&Prime; _builder_version=\u00a0\u00bb4.20.4&Prime; _module_preset=\u00a0\u00bbdefault\u00a0\u00bb background_enable_color=\u00a0\u00bboff\u00a0\u00bb custom_padding=\u00a0\u00bb0px||0px||true|false\u00a0\u00bb global_colors_info=\u00a0\u00bb{}\u00a0\u00bb][et_pb_row _builder_version=\u00a0\u00bb4.20.4&Prime; _module_preset=\u00a0\u00bbdefault\u00a0\u00bb custom_margin=\u00a0\u00bb20px||||false|false\u00a0\u00bb custom_padding=\u00a0\u00bb10px||20px||false|false\u00a0\u00bb border_radii=\u00a0\u00bbon|10px|10px|10px|10px\u00a0\u00bb global_colors_info=\u00a0\u00bb{}\u00a0\u00bb][et_pb_column type=\u00a0\u00bb4_4&Prime; _builder_version=\u00a0\u00bb4.20.4&Prime; _module_preset=\u00a0\u00bbdefault\u00a0\u00bb global_colors_info=\u00a0\u00bb{}\u00a0\u00bb][et_pb_code _builder_version=\u00a0\u00bb4.20.4&Prime; _module_preset=\u00a0\u00bbdefault\u00a0\u00bb text_orientation=\u00a0\u00bbleft\u00a0\u00bb custom_margin=\u00a0\u00bb0px||0px||true|false\u00a0\u00bb custom_padding=\u00a0\u00bb0px||0px||true|false\u00a0\u00bb global_colors_info=\u00a0\u00bb{}\u00a0\u00bb]<span><span><a href=\"https:\/\/www.pasteur.mg\/en\/\">Accueil<\/a><\/span><\/span>[\/et_pb_code][et_pb_post_title meta=\u00a0\u00bboff\u00a0\u00bb featured_image=\u00a0\u00bboff\u00a0\u00bb _builder_version=\u00a0\u00bb4.20.4&Prime; _module_preset=\u00a0\u00bbdefault\u00a0\u00bb title_font=\u00a0\u00bbFS Joey Bold|||||on|||\u00a0\u00bb title_text_align=\u00a0\u00bbleft\u00a0\u00bb title_text_color=\u00a0\u00bb#107fc3&Prime; title_font_size=\u00a0\u00bb50px\u00a0\u00bb custom_padding=\u00a0\u00bb||||false|false\u00a0\u00bb global_colors_info=\u00a0\u00bb{}\u00a0\u00bb][\/et_pb_post_title][et_pb_divider color=\u00a0\u00bb#000000&Prime; _builder_version=\u00a0\u00bb4.20.4&Prime; _module_preset=\u00a0\u00bbdefault\u00a0\u00bb custom_padding=\u00a0\u00bb0px||0px||false|false\u00a0\u00bb global_colors_info=\u00a0\u00bb{}\u00a0\u00bb][\/et_pb_divider][et_pb_text _builder_version=\u00a0\u00bb4.20.4&Prime; _module_preset=\u00a0\u00bbdefault\u00a0\u00bb global_colors_info=\u00a0\u00bb{}\u00a0\u00bb]<\/p>\n<p style=\"text-align: justify;\"><span>Depuis sa cr\u00e9ation en 1898, en tant qu\u2019Institut Vaccinog\u00e8ne et Antirabique pour la lutte contre la variole et la rage, deux probl\u00e8mes majeurs de sant\u00e9 publique au XIX<\/span><sup style=\"font-size: 10pt;\">e<\/sup><span>\u00a0si\u00e8cle, l\u2019Institut Pasteur de Madagascar (IPM) a toujours mis ses comp\u00e9tences et son expertise scientifique\u00a0 ainsi que le fruit de ses travaux de recherche au service de la population malgache. L\u2019IPM m\u00e8ne des activit\u00e9s de surveillance, d\u2019investigation et de recherche li\u00e9es aux probl\u00e9matiques de sant\u00e9 publique \u00e0 Madagascar.<\/span><\/p>\n<p>[\/et_pb_text][\/et_pb_column][\/et_pb_row][\/et_pb_section][et_pb_section fb_built=\u00a0\u00bb1&Prime; _builder_version=\u00a0\u00bb4.20.4&Prime; _module_preset=\u00a0\u00bbdefault\u00a0\u00bb custom_padding=\u00a0\u00bb0px||||false|false\u00a0\u00bb global_colors_info=\u00a0\u00bb{}\u00a0\u00bb][et_pb_row column_structure=\u00a0\u00bb1_3,1_3,1_3&Prime; _builder_version=\u00a0\u00bb4.20.4&Prime; _module_preset=\u00a0\u00bbdefault\u00a0\u00bb custom_padding=\u00a0\u00bb0px||0px||true|false\u00a0\u00bb border_radii=\u00a0\u00bbon|10px|10px|10px|10px\u00a0\u00bb locked=\u00a0\u00bboff\u00a0\u00bb global_colors_info=\u00a0\u00bb{}\u00a0\u00bb][et_pb_column type=\u00a0\u00bb1_3&Prime; _builder_version=\u00a0\u00bb4.20.4&Prime; _module_preset=\u00a0\u00bbdefault\u00a0\u00bb global_colors_info=\u00a0\u00bb{}\u00a0\u00bb][\/et_pb_column][et_pb_column type=\u00a0\u00bb1_3&Prime; _builder_version=\u00a0\u00bb4.20.4&Prime; _module_preset=\u00a0\u00bbdefault\u00a0\u00bb global_colors_info=\u00a0\u00bb{}\u00a0\u00bb][et_pb_image src=\u00a0\u00bbhttps:\/\/www.pasteur.mg\/wp-content\/uploads\/2025\/05\/LOGO-MSANP-MODEL-3-SANS-FOND-1.png\u00a0\u00bb title_text=\u00a0\u00bbLOGO MSANP MOD\u00c8L 3 SANS FOND (1)\u00a0\u00bb _builder_version=\u00a0\u00bb4.20.4&Prime; _module_preset=\u00a0\u00bbdefault\u00a0\u00bb width=\u00a0\u00bb20%\u00a0\u00bb module_alignment=\u00a0\u00bbcenter\u00a0\u00bb global_colors_info=\u00a0\u00bb{}\u00a0\u00bb][\/et_pb_image][\/et_pb_column][et_pb_column type=\u00a0\u00bb1_3&Prime; _builder_version=\u00a0\u00bb4.20.4&Prime; _module_preset=\u00a0\u00bbdefault\u00a0\u00bb global_colors_info=\u00a0\u00bb{}\u00a0\u00bb][\/et_pb_column][\/et_pb_row][et_pb_row column_structure=\u00a0\u00bb1_3,1_3,1_3&Prime; _builder_version=\u00a0\u00bb4.20.4&Prime; _module_preset=\u00a0\u00bbdefault\u00a0\u00bb custom_padding=\u00a0\u00bb10px||10px||true|false\u00a0\u00bb border_radii=\u00a0\u00bbon|10px|10px|10px|10px\u00a0\u00bb locked=\u00a0\u00bboff\u00a0\u00bb global_colors_info=\u00a0\u00bb{}\u00a0\u00bb][et_pb_column type=\u00a0\u00bb1_3&Prime; _builder_version=\u00a0\u00bb4.20.4&Prime; _module_preset=\u00a0\u00bbdefault\u00a0\u00bb global_colors_info=\u00a0\u00bb{}\u00a0\u00bb][et_pb_divider color=\u00a0\u00bb#000000&Prime; divider_position=\u00a0\u00bbbottom\u00a0\u00bb _builder_version=\u00a0\u00bb4.20.4&Prime; _module_preset=\u00a0\u00bbdefault\u00a0\u00bb custom_margin=\u00a0\u00bb||||true|false\u00a0\u00bb custom_padding=\u00a0\u00bb||||true|true\u00a0\u00bb global_colors_info=\u00a0\u00bb{}\u00a0\u00bb][\/et_pb_divider][\/et_pb_column][et_pb_column type=\u00a0\u00bb1_3&Prime; _builder_version=\u00a0\u00bb4.20.4&Prime; _module_preset=\u00a0\u00bbdefault\u00a0\u00bb global_colors_info=\u00a0\u00bb{}\u00a0\u00bb][et_pb_text _builder_version=\u00a0\u00bb4.20.4&Prime; _module_preset=\u00a0\u00bbdefault\u00a0\u00bb header_3_font=\u00a0\u00bb|800|||||||\u00a0\u00bb header_3_font_size=\u00a0\u00bb18px\u00a0\u00bb custom_margin=\u00a0\u00bb7px||0px||false|false\u00a0\u00bb custom_padding=\u00a0\u00bb||0px||false|false\u00a0\u00bb global_colors_info=\u00a0\u00bb{}\u00a0\u00bb]<\/p>\n<h3 style=\"text-align: center;\">Structures du Minist\u00e8re de la Sant\u00e9 Publique<\/h3>\n<p>[\/et_pb_text][\/et_pb_column][et_pb_column type=\u00a0\u00bb1_3&Prime; _builder_version=\u00a0\u00bb4.20.4&Prime; _module_preset=\u00a0\u00bbdefault\u00a0\u00bb global_colors_info=\u00a0\u00bb{}\u00a0\u00bb][et_pb_divider color=\u00a0\u00bb#000000&Prime; divider_position=\u00a0\u00bbbottom\u00a0\u00bb _builder_version=\u00a0\u00bb4.20.4&Prime; _module_preset=\u00a0\u00bbdefault\u00a0\u00bb custom_margin=\u00a0\u00bb||||true|false\u00a0\u00bb custom_padding=\u00a0\u00bb||||true|true\u00a0\u00bb global_colors_info=\u00a0\u00bb{}\u00a0\u00bb][\/et_pb_divider][\/et_pb_column][\/et_pb_row][et_pb_row column_structure=\u00a0\u00bb1_2,1_2&Prime; _builder_version=\u00a0\u00bb4.20.4&Prime; _module_preset=\u00a0\u00bbdefault\u00a0\u00bb custom_margin=\u00a0\u00bb-21px||||false|false\u00a0\u00bb custom_padding=\u00a0\u00bb|15px||15px|false|false\u00a0\u00bb border_color_all=\u00a0\u00bb#0C71C3&Prime; border_style_all=\u00a0\u00bbdashed\u00a0\u00bb border_width_right=\u00a0\u00bb1px\u00a0\u00bb border_color_right=\u00a0\u00bb#000000&Prime; border_style_right=\u00a0\u00bbsolid\u00a0\u00bb border_width_bottom=\u00a0\u00bb1px\u00a0\u00bb border_color_bottom=\u00a0\u00bb#000000&Prime; border_style_bottom=\u00a0\u00bbsolid\u00a0\u00bb border_width_left=\u00a0\u00bb1px\u00a0\u00bb border_color_left=\u00a0\u00bb#000000&Prime; border_style_left=\u00a0\u00bbsolid\u00a0\u00bb global_colors_info=\u00a0\u00bb{}\u00a0\u00bb][et_pb_column type=\u00a0\u00bb1_2&Prime; _builder_version=\u00a0\u00bb4.20.4&Prime; _module_preset=\u00a0\u00bbdefault\u00a0\u00bb global_colors_info=\u00a0\u00bb{}\u00a0\u00bb][et_pb_blurb title=\u00a0\u00bbUnit\u00e9 Peste &#8211; Centre Collaborateur OMS pour la Peste\u00a0\u00bb url=\u00a0\u00bbhttps:\/\/www.pasteur.mg\/peste\/\u00a0\u00bb image=\u00a0\u00bbhttps:\/\/www.pasteur.mg\/wp-content\/uploads\/2023\/12\/CNR-Icon-01.png\u00a0\u00bb icon_placement=\u00a0\u00bbleft\u00a0\u00bb image_icon_width=\u00a0\u00bb65%\u00a0\u00bb module_class=\u00a0\u00bbbord\u00a0\u00bb _builder_version=\u00a0\u00bb4.20.4&Prime; _module_preset=\u00a0\u00bbdefault\u00a0\u00bb header_level=\u00a0\u00bbh5&Prime; header_font=\u00a0\u00bbFS Joey Heavy||||||||\u00a0\u00bb header_text_color=\u00a0\u00bb#0C71C3&Prime; header_font_size=\u00a0\u00bb21px\u00a0\u00bb body_font=\u00a0\u00bbFS Joey Light||||||||\u00a0\u00bb body_font_size=\u00a0\u00bb21px\u00a0\u00bb link_option_url=\u00a0\u00bbhttps:\/\/www.pasteur.mg\/peste\/\u00a0\u00bb custom_css_blurb_image=\u00a0\u00bbwidth:30%!important;\u00a0\u00bb global_colors_info=\u00a0\u00bb{}\u00a0\u00bb]<\/p>\n<p>Laboratoire Central de la Peste <\/p>\n<p>[\/et_pb_blurb][\/et_pb_column][et_pb_column type=\u00a0\u00bb1_2&Prime; _builder_version=\u00a0\u00bb4.20.4&Prime; _module_preset=\u00a0\u00bbdefault\u00a0\u00bb global_colors_info=\u00a0\u00bb{}\u00a0\u00bb][et_pb_blurb title=\u00a0\u00bbUnit\u00e9 des Mycobact\u00e9ries\u00a0\u00bb url=\u00a0\u00bbhttps:\/\/www.pasteur.mg\/mycobacteries\/\u00a0\u00bb image=\u00a0\u00bbhttps:\/\/www.pasteur.mg\/wp-content\/uploads\/2023\/12\/CNR-Icon-01.png\u00a0\u00bb icon_placement=\u00a0\u00bbleft\u00a0\u00bb image_icon_width=\u00a0\u00bb65%\u00a0\u00bb module_class=\u00a0\u00bbbord\u00a0\u00bb _builder_version=\u00a0\u00bb4.20.4&Prime; _module_preset=\u00a0\u00bbdefault\u00a0\u00bb header_level=\u00a0\u00bbh5&Prime; header_font=\u00a0\u00bbFS Joey Heavy||||||||\u00a0\u00bb header_text_color=\u00a0\u00bb#0C71C3&Prime; header_font_size=\u00a0\u00bb21px\u00a0\u00bb body_font=\u00a0\u00bbFS Joey Light||||||||\u00a0\u00bb body_font_size=\u00a0\u00bb21px\u00a0\u00bb link_option_url=\u00a0\u00bbhttps:\/\/www.pasteur.mg\/mycobacteries\/\u00a0\u00bb custom_css_blurb_image=\u00a0\u00bbwidth:30%!important;\u00a0\u00bb global_colors_info=\u00a0\u00bb{}\u00a0\u00bb custom_css_blurb_image_last_edited=\u00a0\u00bboff|desktop\u00a0\u00bb]<\/p>\n<p style=\"text-align: left;\">Centre National de R\u00e9f\u00e9rence pour les Mycobact\u00e9ries <\/p>\n<p>[\/et_pb_blurb][\/et_pb_column][\/et_pb_row][et_pb_row column_structure=\u00a0\u00bb1_3,1_3,1_3&Prime; _builder_version=\u00a0\u00bb4.20.4&Prime; _module_preset=\u00a0\u00bbdefault\u00a0\u00bb custom_margin=\u00a0\u00bb20px||||false|false\u00a0\u00bb custom_padding=\u00a0\u00bb10px||10px||true|false\u00a0\u00bb border_radii=\u00a0\u00bbon|10px|10px|10px|10px\u00a0\u00bb locked=\u00a0\u00bboff\u00a0\u00bb global_colors_info=\u00a0\u00bb{}\u00a0\u00bb][et_pb_column type=\u00a0\u00bb1_3&Prime; _builder_version=\u00a0\u00bb4.20.4&Prime; _module_preset=\u00a0\u00bbdefault\u00a0\u00bb global_colors_info=\u00a0\u00bb{}\u00a0\u00bb][et_pb_divider color=\u00a0\u00bb#000000&Prime; divider_position=\u00a0\u00bbbottom\u00a0\u00bb _builder_version=\u00a0\u00bb4.20.4&Prime; _module_preset=\u00a0\u00bbdefault\u00a0\u00bb custom_margin=\u00a0\u00bb||||true|false\u00a0\u00bb custom_padding=\u00a0\u00bb||||true|true\u00a0\u00bb global_colors_info=\u00a0\u00bb{}\u00a0\u00bb][\/et_pb_divider][\/et_pb_column][et_pb_column type=\u00a0\u00bb1_3&Prime; _builder_version=\u00a0\u00bb4.20.4&Prime; _module_preset=\u00a0\u00bbdefault\u00a0\u00bb global_colors_info=\u00a0\u00bb{}\u00a0\u00bb][et_pb_text _builder_version=\u00a0\u00bb4.20.4&Prime; _module_preset=\u00a0\u00bbdefault\u00a0\u00bb header_3_font=\u00a0\u00bb|800|||||||\u00a0\u00bb header_3_font_size=\u00a0\u00bb18px\u00a0\u00bb custom_margin=\u00a0\u00bb7px||0px||false|false\u00a0\u00bb custom_padding=\u00a0\u00bb||0px||false|false\u00a0\u00bb global_colors_info=\u00a0\u00bb{}\u00a0\u00bb]<\/p>\n<h3 style=\"text-align: center;\">Centres ou laboratoires nationaux de r\u00e9f\u00e9rence<\/h3>\n<p>[\/et_pb_text][\/et_pb_column][et_pb_column type=\u00a0\u00bb1_3&Prime; _builder_version=\u00a0\u00bb4.20.4&Prime; _module_preset=\u00a0\u00bbdefault\u00a0\u00bb global_colors_info=\u00a0\u00bb{}\u00a0\u00bb][et_pb_divider color=\u00a0\u00bb#000000&Prime; divider_position=\u00a0\u00bbbottom\u00a0\u00bb _builder_version=\u00a0\u00bb4.20.4&Prime; _module_preset=\u00a0\u00bbdefault\u00a0\u00bb custom_margin=\u00a0\u00bb||||true|false\u00a0\u00bb custom_padding=\u00a0\u00bb||||true|true\u00a0\u00bb global_colors_info=\u00a0\u00bb{}\u00a0\u00bb][\/et_pb_divider][\/et_pb_column][\/et_pb_row][et_pb_row column_structure=\u00a0\u00bb1_2,1_2&Prime; _builder_version=\u00a0\u00bb4.20.4&Prime; _module_preset=\u00a0\u00bbdefault\u00a0\u00bb custom_margin=\u00a0\u00bb-22px||||false|false\u00a0\u00bb border_width_all=\u00a0\u00bb1px\u00a0\u00bb border_width_top=\u00a0\u00bb0px\u00a0\u00bb global_colors_info=\u00a0\u00bb{}\u00a0\u00bb][et_pb_column type=\u00a0\u00bb1_2&Prime; _builder_version=\u00a0\u00bb4.20.4&Prime; _module_preset=\u00a0\u00bbdefault\u00a0\u00bb global_colors_info=\u00a0\u00bb{}\u00a0\u00bb][et_pb_blurb title=\u00a0\u00bbUnit\u00e9 de Virologie\u00a0\u00bb image=\u00a0\u00bbhttps:\/\/www.pasteur.mg\/wp-content\/uploads\/2023\/12\/CNR-Icon-01.png\u00a0\u00bb icon_placement=\u00a0\u00bbleft\u00a0\u00bb image_icon_width=\u00a0\u00bb65%\u00a0\u00bb module_class=\u00a0\u00bbbord\u00a0\u00bb _builder_version=\u00a0\u00bb4.20.4&Prime; _module_preset=\u00a0\u00bbdefault\u00a0\u00bb header_level=\u00a0\u00bbh5&Prime; header_font=\u00a0\u00bbFS Joey Heavy||||||||\u00a0\u00bb header_text_color=\u00a0\u00bb#0C71C3&Prime; header_font_size=\u00a0\u00bb21px\u00a0\u00bb body_font=\u00a0\u00bbFS Joey Light||||||||\u00a0\u00bb body_font_size=\u00a0\u00bb21px\u00a0\u00bb custom_css_blurb_image=\u00a0\u00bbwidth:30%!important;\u00a0\u00bb global_colors_info=\u00a0\u00bb{}\u00a0\u00bb]<\/p>\n<ul>\n<li style=\"text-align: left;\"><span style=\"color: #333333;\"><a href=\"https:\/\/www.pasteur.mg\/en\/grippe\/\" style=\"color: #333333;\">Centre National de R\u00e9f\u00e9rence pour la Grippe <\/a><\/span><img data-recalc-dims=\"1\" decoding=\"async\" src=\"https:\/\/i0.wp.com\/www.pasteur.mg\/wp-content\/uploads\/2025\/05\/who-emblem.png?w=1080&#038;ssl=1\" style=\"width:9%;\"><\/li>\n<li style=\"text-align: left;\"><span style=\"color: #333333;\"><a href=\"https:\/\/www.pasteur.mg\/en\/poliomyelite\/\" style=\"color: #333333;\">Laboratoire National de R\u00e9f\u00e9rence pour la Poliomy\u00e9lite <\/a><img data-recalc-dims=\"1\" decoding=\"async\" src=\"https:\/\/i0.wp.com\/www.pasteur.mg\/wp-content\/uploads\/2025\/05\/who-emblem.png?w=1080&#038;ssl=1\" style=\"width:9%;\"><\/span><\/li>\n<li style=\"text-align: left;\"><span style=\"color: #333333;\"><a href=\"https:\/\/www.pasteur.mg\/en\/rougeole-et-rubeole\/\" style=\"color: #333333;\">Laboratoire National de R\u00e9f\u00e9rence pour la Rougeole et la Rub\u00e9ole <\/a><\/span><img data-recalc-dims=\"1\" decoding=\"async\" src=\"https:\/\/i0.wp.com\/www.pasteur.mg\/wp-content\/uploads\/2025\/05\/who-emblem.png?w=1080&#038;ssl=1\" style=\"width:9%;\"><\/li>\n<li style=\"text-align: left;\"><span style=\"color: #333333;\"><a href=\"https:\/\/www.pasteur.mg\/en\/arbovirus\/\" style=\"color: #333333;\">Centre National de R\u00e9f\u00e9rence pour les Arbovirus<\/a><\/span><\/li>\n<li style=\"text-align: left;\"><span style=\"color: #333333;\"><a href=\"https:\/\/www.pasteur.mg\/en\/rage\/\" style=\"color: #333333;\">Laboratoire National de R\u00e9f\u00e9rence pour la Rage<\/a><\/span><\/li>\n<\/ul>\n<p>[\/et_pb_blurb][et_pb_blurb title=\u00a0\u00bbReconnu par l&rsquo;Organisation Mondiale de la Sant\u00e9\u00a0\u00bb image=\u00a0\u00bbhttps:\/\/www.pasteur.mg\/wp-content\/uploads\/2025\/05\/who-emblem.png\u00a0\u00bb icon_placement=\u00a0\u00bbleft\u00a0\u00bb _builder_version=\u00a0\u00bb4.20.4&Prime; _module_preset=\u00a0\u00bbdefault\u00a0\u00bb hover_enabled=\u00a0\u00bb0&Prime; global_colors_info=\u00a0\u00bb{}\u00a0\u00bb custom_padding=\u00a0\u00bb|||30px|false|false\u00a0\u00bb sticky_enabled=\u00a0\u00bb0&Prime;][\/et_pb_blurb][\/et_pb_column][et_pb_column type=\u00a0\u00bb1_2&Prime; _builder_version=\u00a0\u00bb4.20.4&Prime; _module_preset=\u00a0\u00bbdefault\u00a0\u00bb global_colors_info=\u00a0\u00bb{}\u00a0\u00bb][et_pb_blurb title=\u00a0\u00bbUnit\u00e9 de Bact\u00e9riologie Exp\u00e9rimentale &#8211; CBC &#8211; LHAE\u00a0\u00bb url=\u00a0\u00bbhttps:\/\/www.pasteur.mg\/cbnr-amr\/\u00a0\u00bb image=\u00a0\u00bbhttps:\/\/www.pasteur.mg\/wp-content\/uploads\/2023\/12\/CNR-Icon-01.png\u00a0\u00bb icon_placement=\u00a0\u00bbleft\u00a0\u00bb image_icon_width=\u00a0\u00bb65%\u00a0\u00bb module_class=\u00a0\u00bbbord\u00a0\u00bb _builder_version=\u00a0\u00bb4.20.4&Prime; _module_preset=\u00a0\u00bbdefault\u00a0\u00bb header_level=\u00a0\u00bbh5&Prime; header_font=\u00a0\u00bbFS Joey Heavy||||||||\u00a0\u00bb header_text_color=\u00a0\u00bb#0C71C3&Prime; header_font_size=\u00a0\u00bb21px\u00a0\u00bb body_font=\u00a0\u00bbFS Joey Light||||||||\u00a0\u00bb body_font_size=\u00a0\u00bb21px\u00a0\u00bb link_option_url=\u00a0\u00bbhttps:\/\/www.pasteur.mg\/cbnr-amr\/\u00a0\u00bb custom_css_blurb_image=\u00a0\u00bbwidth:30%!important;\u00a0\u00bb global_colors_info=\u00a0\u00bb{}\u00a0\u00bb]<\/p>\n<p style=\"text-align: left;\">Centre Biologique National de R\u00e9f\u00e9rence de Surveillance de la R\u00e9sistance aux Antibiotiques<\/p>\n<p>[\/et_pb_blurb][et_pb_blurb title=\u00a0\u00bbCentre de Biologie Clinique &#8211; LHAE\u00a0\u00bb image=\u00a0\u00bbhttps:\/\/www.pasteur.mg\/wp-content\/uploads\/2023\/12\/CNR-Icon-01.png\u00a0\u00bb icon_placement=\u00a0\u00bbleft\u00a0\u00bb image_icon_width=\u00a0\u00bb65%\u00a0\u00bb module_class=\u00a0\u00bbbord\u00a0\u00bb _builder_version=\u00a0\u00bb4.20.4&Prime; _dynamic_attributes=\u00a0\u00bblink_option_url\u00a0\u00bb _module_preset=\u00a0\u00bbdefault\u00a0\u00bb header_level=\u00a0\u00bbh5&Prime; header_font=\u00a0\u00bbFS Joey Heavy||||||||\u00a0\u00bb header_text_color=\u00a0\u00bb#0C71C3&Prime; header_font_size=\u00a0\u00bb21px\u00a0\u00bb body_font=\u00a0\u00bbFS Joey Light||||||||\u00a0\u00bb body_font_size=\u00a0\u00bb21px\u00a0\u00bb link_option_url=\u00a0\u00bb@ET-DC@eyJkeW5hbWljIjp0cnVlLCJjb250ZW50IjoicG9zdF9saW5rX3VybF9wYWdlIiwic2V0dGluZ3MiOnsicG9zdF9pZCI6IjIwNTMxIn19@\u00a0\u00bb custom_css_blurb_image=\u00a0\u00bbwidth:30%!important;\u00a0\u00bb global_colors_info=\u00a0\u00bb{}\u00a0\u00bb]<\/p>\n<p style=\"text-align: left;\">Centre National de R\u00e9f\u00e9rence pour <em>Vibrio cholerae<\/em>, Salmonelles et Shigelles<\/p>\n<p>[\/et_pb_blurb][\/et_pb_column][\/et_pb_row][\/et_pb_section]<\/p>","protected":false},"excerpt":{"rendered":"<p><span><span><a href=\"https:\/\/www.pasteur.mg\/en\/\">Accueil<\/a><\/span><\/span>Depuis sa cr\u00e9ation en 1898, en tant qu\u2019Institut Vaccinog\u00e8ne et Antirabique pour la lutte contre la variole et la rage, deux probl\u00e8mes majeurs de sant\u00e9 publique au XIXe\u00a0si\u00e8cle, l\u2019Institut Pasteur de Madagascar (IPM) a toujours mis ses comp\u00e9tences et son expertise scientifique\u00a0 ainsi que le fruit de ses travaux de recherche au service de la [&hellip;]<\/p>","protected":false},"author":19,"featured_media":0,"parent":0,"menu_order":0,"comment_status":"closed","ping_status":"closed","template":"","meta":{"_acf_changed":false,"_et_pb_use_builder":"on","_et_pb_old_content":"","_et_gb_content_width":"","jetpack_post_was_ever_published":false,"footnotes":""},"class_list":["post-19960","page","type-page","status-publish","hentry"],"acf":[],"yoast_head":"<!-- This site is optimized with the Yoast SEO plugin v27.5 - https:\/\/yoast.com\/product\/yoast-seo-wordpress\/ -->\n<title>Activit\u00e9s de r\u00e9f\u00e9rence et d&#039;expertise - Institut Pasteur de Madagascar<\/title>\n<meta name=\"robots\" content=\"index, follow, max-snippet:-1, max-image-preview:large, max-video-preview:-1\" \/>\n<link rel=\"canonical\" href=\"https:\/\/www.pasteur.mg\/en\/activites-de-reference-et-dexpertise\/\" \/>\n<meta property=\"og:locale\" content=\"en_US\" \/>\n<meta property=\"og:type\" content=\"article\" \/>\n<meta property=\"og:title\" content=\"Activit\u00e9s de r\u00e9f\u00e9rence et d&#039;expertise - Institut Pasteur de Madagascar\" \/>\n<meta property=\"og:url\" content=\"https:\/\/www.pasteur.mg\/en\/activites-de-reference-et-dexpertise\/\" \/>\n<meta property=\"og:site_name\" content=\"Institut Pasteur de Madagascar\" \/>\n<meta property=\"article:publisher\" content=\"https:\/\/www.facebook.com\/pasteurMG\" \/>\n<meta property=\"article:modified_time\" content=\"2025-06-04T14:40:38+00:00\" \/>\n<meta property=\"og:image\" content=\"https:\/\/www.pasteur.mg\/wp-content\/uploads\/2025\/05\/who-emblem.png\" \/>\n<meta name=\"twitter:card\" content=\"summary_large_image\" \/>\n<meta name=\"twitter:site\" content=\"@pasteurMG\" \/>\n<meta name=\"twitter:label1\" content=\"Est. reading time\" \/>\n\t<meta name=\"twitter:data1\" content=\"3 minutes\" \/>\n<script type=\"application\/ld+json\" class=\"yoast-schema-graph\">{\"@context\":\"https:\\\/\\\/schema.org\",\"@graph\":[{\"@type\":\"WebPage\",\"@id\":\"https:\\\/\\\/www.pasteur.mg\\\/activites-de-reference-et-dexpertise\\\/\",\"url\":\"https:\\\/\\\/www.pasteur.mg\\\/activites-de-reference-et-dexpertise\\\/\",\"name\":\"Activit\u00e9s de r\u00e9f\u00e9rence et d'expertise - Institut Pasteur de Madagascar\",\"isPartOf\":{\"@id\":\"https:\\\/\\\/www.pasteur.mg\\\/#website\"},\"primaryImageOfPage\":{\"@id\":\"https:\\\/\\\/www.pasteur.mg\\\/activites-de-reference-et-dexpertise\\\/#primaryimage\"},\"image\":{\"@id\":\"https:\\\/\\\/www.pasteur.mg\\\/activites-de-reference-et-dexpertise\\\/#primaryimage\"},\"thumbnailUrl\":\"https:\\\/\\\/www.pasteur.mg\\\/wp-content\\\/uploads\\\/2025\\\/05\\\/who-emblem.png\",\"datePublished\":\"2025-05-17T13:42:47+00:00\",\"dateModified\":\"2025-06-04T14:40:38+00:00\",\"breadcrumb\":{\"@id\":\"https:\\\/\\\/www.pasteur.mg\\\/activites-de-reference-et-dexpertise\\\/#breadcrumb\"},\"inLanguage\":\"en-US\",\"potentialAction\":[{\"@type\":\"ReadAction\",\"target\":[\"https:\\\/\\\/www.pasteur.mg\\\/activites-de-reference-et-dexpertise\\\/\"]}]},{\"@type\":\"ImageObject\",\"inLanguage\":\"en-US\",\"@id\":\"https:\\\/\\\/www.pasteur.mg\\\/activites-de-reference-et-dexpertise\\\/#primaryimage\",\"url\":\"https:\\\/\\\/www.pasteur.mg\\\/wp-content\\\/uploads\\\/2025\\\/05\\\/who-emblem.png\",\"contentUrl\":\"https:\\\/\\\/www.pasteur.mg\\\/wp-content\\\/uploads\\\/2025\\\/05\\\/who-emblem.png\"},{\"@type\":\"BreadcrumbList\",\"@id\":\"https:\\\/\\\/www.pasteur.mg\\\/activites-de-reference-et-dexpertise\\\/#breadcrumb\",\"itemListElement\":[{\"@type\":\"ListItem\",\"position\":1,\"name\":\"Accueil\",\"item\":\"https:\\\/\\\/www.pasteur.mg\\\/\"},{\"@type\":\"ListItem\",\"position\":2,\"name\":\"Activit\u00e9s de r\u00e9f\u00e9rence et d&rsquo;expertise\"}]},{\"@type\":\"WebSite\",\"@id\":\"https:\\\/\\\/www.pasteur.mg\\\/#website\",\"url\":\"https:\\\/\\\/www.pasteur.mg\\\/\",\"name\":\"Institut Pasteur de Madagascar\",\"description\":\"Etablissement scientifique priv\u00e9 malgache, \u00e0 but non lucratif et reconnu d\u2019utilit\u00e9 publique du R\u00e9seau International des Instituts Pasteur, plac\u00e9 sous le Haut patronage du gouvernement de la R\u00e9publique Malgache.\",\"publisher\":{\"@id\":\"https:\\\/\\\/www.pasteur.mg\\\/#organization\"},\"potentialAction\":[{\"@type\":\"SearchAction\",\"target\":{\"@type\":\"EntryPoint\",\"urlTemplate\":\"https:\\\/\\\/www.pasteur.mg\\\/?s={search_term_string}\"},\"query-input\":{\"@type\":\"PropertyValueSpecification\",\"valueRequired\":true,\"valueName\":\"search_term_string\"}}],\"inLanguage\":\"en-US\"},{\"@type\":\"Organization\",\"@id\":\"https:\\\/\\\/www.pasteur.mg\\\/#organization\",\"name\":\"Institut Pasteur de Madagascar\",\"url\":\"https:\\\/\\\/www.pasteur.mg\\\/\",\"logo\":{\"@type\":\"ImageObject\",\"inLanguage\":\"en-US\",\"@id\":\"https:\\\/\\\/www.pasteur.mg\\\/#\\\/schema\\\/logo\\\/image\\\/\",\"url\":\"https:\\\/\\\/www.pasteur.mg\\\/wp-content\\\/uploads\\\/2025\\\/03\\\/Logo-IPM-1.png\",\"contentUrl\":\"https:\\\/\\\/www.pasteur.mg\\\/wp-content\\\/uploads\\\/2025\\\/03\\\/Logo-IPM-1.png\",\"width\":5865,\"height\":3422,\"caption\":\"Institut Pasteur de Madagascar\"},\"image\":{\"@id\":\"https:\\\/\\\/www.pasteur.mg\\\/#\\\/schema\\\/logo\\\/image\\\/\"},\"sameAs\":[\"https:\\\/\\\/www.facebook.com\\\/pasteurMG\",\"https:\\\/\\\/x.com\\\/pasteurMG\",\"https:\\\/\\\/www.linkedin.com\\\/company\\\/institut-pasteur-de-madagascar\"]}]}<\/script>\n<!-- \/ Yoast SEO plugin. -->","yoast_head_json":{"title":"Activit\u00e9s de r\u00e9f\u00e9rence et d'expertise - Institut Pasteur de Madagascar","robots":{"index":"index","follow":"follow","max-snippet":"max-snippet:-1","max-image-preview":"max-image-preview:large","max-video-preview":"max-video-preview:-1"},"canonical":"https:\/\/www.pasteur.mg\/en\/activites-de-reference-et-dexpertise\/","og_locale":"en_US","og_type":"article","og_title":"Activit\u00e9s de r\u00e9f\u00e9rence et d'expertise - Institut Pasteur de Madagascar","og_url":"https:\/\/www.pasteur.mg\/en\/activites-de-reference-et-dexpertise\/","og_site_name":"Institut Pasteur de Madagascar","article_publisher":"https:\/\/www.facebook.com\/pasteurMG","article_modified_time":"2025-06-04T14:40:38+00:00","og_image":[{"url":"https:\/\/www.pasteur.mg\/wp-content\/uploads\/2025\/05\/who-emblem.png","type":"","width":"","height":""}],"twitter_card":"summary_large_image","twitter_site":"@pasteurMG","twitter_misc":{"Est. reading time":"3 minutes"},"schema":{"@context":"https:\/\/schema.org","@graph":[{"@type":"WebPage","@id":"https:\/\/www.pasteur.mg\/activites-de-reference-et-dexpertise\/","url":"https:\/\/www.pasteur.mg\/activites-de-reference-et-dexpertise\/","name":"Activit\u00e9s de r\u00e9f\u00e9rence et d'expertise - Institut Pasteur de Madagascar","isPartOf":{"@id":"https:\/\/www.pasteur.mg\/#website"},"primaryImageOfPage":{"@id":"https:\/\/www.pasteur.mg\/activites-de-reference-et-dexpertise\/#primaryimage"},"image":{"@id":"https:\/\/www.pasteur.mg\/activites-de-reference-et-dexpertise\/#primaryimage"},"thumbnailUrl":"https:\/\/www.pasteur.mg\/wp-content\/uploads\/2025\/05\/who-emblem.png","datePublished":"2025-05-17T13:42:47+00:00","dateModified":"2025-06-04T14:40:38+00:00","breadcrumb":{"@id":"https:\/\/www.pasteur.mg\/activites-de-reference-et-dexpertise\/#breadcrumb"},"inLanguage":"en-US","potentialAction":[{"@type":"ReadAction","target":["https:\/\/www.pasteur.mg\/activites-de-reference-et-dexpertise\/"]}]},{"@type":"ImageObject","inLanguage":"en-US","@id":"https:\/\/www.pasteur.mg\/activites-de-reference-et-dexpertise\/#primaryimage","url":"https:\/\/www.pasteur.mg\/wp-content\/uploads\/2025\/05\/who-emblem.png","contentUrl":"https:\/\/www.pasteur.mg\/wp-content\/uploads\/2025\/05\/who-emblem.png"},{"@type":"BreadcrumbList","@id":"https:\/\/www.pasteur.mg\/activites-de-reference-et-dexpertise\/#breadcrumb","itemListElement":[{"@type":"ListItem","position":1,"name":"Accueil","item":"https:\/\/www.pasteur.mg\/"},{"@type":"ListItem","position":2,"name":"Activit\u00e9s de r\u00e9f\u00e9rence et d&rsquo;expertise"}]},{"@type":"WebSite","@id":"https:\/\/www.pasteur.mg\/#website","url":"https:\/\/www.pasteur.mg\/","name":"Institut Pasteur de Madagascar","description":"Etablissement scientifique priv\u00e9 malgache, \u00e0 but non lucratif et reconnu d\u2019utilit\u00e9 publique du R\u00e9seau International des Instituts Pasteur, plac\u00e9 sous le Haut patronage du gouvernement de la R\u00e9publique Malgache.","publisher":{"@id":"https:\/\/www.pasteur.mg\/#organization"},"potentialAction":[{"@type":"SearchAction","target":{"@type":"EntryPoint","urlTemplate":"https:\/\/www.pasteur.mg\/?s={search_term_string}"},"query-input":{"@type":"PropertyValueSpecification","valueRequired":true,"valueName":"search_term_string"}}],"inLanguage":"en-US"},{"@type":"Organization","@id":"https:\/\/www.pasteur.mg\/#organization","name":"Institut Pasteur de Madagascar","url":"https:\/\/www.pasteur.mg\/","logo":{"@type":"ImageObject","inLanguage":"en-US","@id":"https:\/\/www.pasteur.mg\/#\/schema\/logo\/image\/","url":"https:\/\/www.pasteur.mg\/wp-content\/uploads\/2025\/03\/Logo-IPM-1.png","contentUrl":"https:\/\/www.pasteur.mg\/wp-content\/uploads\/2025\/03\/Logo-IPM-1.png","width":5865,"height":3422,"caption":"Institut Pasteur de Madagascar"},"image":{"@id":"https:\/\/www.pasteur.mg\/#\/schema\/logo\/image\/"},"sameAs":["https:\/\/www.facebook.com\/pasteurMG","https:\/\/x.com\/pasteurMG","https:\/\/www.linkedin.com\/company\/institut-pasteur-de-madagascar"]}]}},"jetpack_sharing_enabled":true,"publishpress_future_action":{"enabled":false,"date":"2026-05-06 05:11:34","action":"change-status","newStatus":"draft","terms":[],"taxonomy":"","extraData":[]},"publishpress_future_workflow_manual_trigger":{"enabledWorkflows":[]},"amp_enabled":true,"_links":{"self":[{"href":"https:\/\/www.pasteur.mg\/en\/wp-json\/wp\/v2\/pages\/19960","targetHints":{"allow":["GET"]}}],"collection":[{"href":"https:\/\/www.pasteur.mg\/en\/wp-json\/wp\/v2\/pages"}],"about":[{"href":"https:\/\/www.pasteur.mg\/en\/wp-json\/wp\/v2\/types\/page"}],"author":[{"embeddable":true,"href":"https:\/\/www.pasteur.mg\/en\/wp-json\/wp\/v2\/users\/19"}],"replies":[{"embeddable":true,"href":"https:\/\/www.pasteur.mg\/en\/wp-json\/wp\/v2\/comments?post=19960"}],"version-history":[{"count":12,"href":"https:\/\/www.pasteur.mg\/en\/wp-json\/wp\/v2\/pages\/19960\/revisions"}],"predecessor-version":[{"id":20726,"href":"https:\/\/www.pasteur.mg\/en\/wp-json\/wp\/v2\/pages\/19960\/revisions\/20726"}],"wp:attachment":[{"href":"https:\/\/www.pasteur.mg\/en\/wp-json\/wp\/v2\/media?parent=19960"}],"curies":[{"name":"wp","href":"https:\/\/api.w.org\/{rel}","templated":true}]}}